{"id":603,"date":"2020-02-10T12:46:26","date_gmt":"2020-02-10T12:46:26","guid":{"rendered":"https:\/\/mensch-und-tier.gruene-nrw-lag.de\/?page_id=603"},"modified":"2021-08-28T18:07:51","modified_gmt":"2021-08-28T18:07:51","slug":"impressum","status":"publish","type":"page","link":"https:\/\/mensch-und-tier.gruene-nrw-lag.de\/?page_id=603","title":{"rendered":"Impressum"},"content":{"rendered":"<section class=\"entry-content clearfix\">Dieses Internetangebot wird unterhalten von<\/section>\n<section><\/section>\n<section class=\"entry-content clearfix\">B\u00dcNDNIS 90\/DIE GR\u00dcNEN<br \/>\nLandesverband NRW<br \/>\nOststr. 41-43<br \/>\n40211 D\u00fcsseldorfFon +49 (211) 38 666 -0<br \/>\nFax +49 (211) 38 666 -99<br \/>\nMail info@gruene-nrw.de<\/p>\n<p>Vertretungsberechtigter Vorstand: Mona Neubaur (Vorsitzende), Felix Banaszak (Vorsitzender)<\/p>\n<p>Verantwortlich gem\u00e4\u00df \u00a7 5 Telemediengesetz (TMG):\u00a0Oliver Koch, Pressesprecher.<\/p>\n<h2>Haftung f\u00fcr Inhalte<\/h2>\n<p>Als Diensteanbieter sind wir gem\u00e4\u00df \u00a7 7 Abs.1 TMG f\u00fcr eigene Inhalte auf diesen Seiten nach den allgemeinen Gesetzen verantwortlich. Nach \u00a7\u00a7 8 bis 10 TMG sind wir als Diensteanbieter jedoch nicht verpflichtet, \u00fcbermittelte oder gespeicherte fremde Informationen zu \u00fcberwachen oder nach Umst\u00e4nden zu forschen, die auf eine rechtswidrige T\u00e4tigkeit hinweisen.<\/p>\n<p>Verpflichtungen zur Entfernung oder Sperrung der Nutzung von Informationen nach den allgemeinen Gesetzen bleiben hiervon unber\u00fchrt. Eine diesbez\u00fcgliche Haftung ist jedoch erst ab dem Zeitpunkt der Kenntnis einer konkreten Rechtsverletzung m\u00f6glich. Bei Bekanntwerden von entsprechenden Rechtsverletzungen werden wir diese Inhalte umgehend entfernen.<\/p>\n<h2>Haftung f\u00fcr Links<\/h2>\n<p>Unser Angebot enth\u00e4lt Links zu externen Websites Dritter, auf deren Inhalte wir keinen Einfluss haben. Deshalb k\u00f6nnen wir f\u00fcr diese fremden Inhalte auch keine Gew\u00e4hr \u00fcbernehmen. F\u00fcr die Inhalte der verlinkten Seiten ist stets der jeweilige Anbieter oder Betreiber der Seiten verantwortlich. Die verlinkten Seiten wurden zum Zeitpunkt der Verlinkung auf m\u00f6gliche Rechtsverst\u00f6\u00dfe \u00fcberpr\u00fcft. Rechtswidrige Inhalte waren zum Zeitpunkt der Verlinkung nicht erkennbar.<\/p>\n<p>Eine permanente inhaltliche Kontrolle der verlinkten Seiten ist jedoch ohne konkrete Anhaltspunkte einer Rechtsverletzung nicht zumutbar. Bei Bekanntwerden von Rechtsverletzungen werden wir derartige Links umgehend entfernen.<\/p>\n<h2>Urheberrecht<\/h2>\n<p>Die durch die Seitenbetreiber erstellten Inhalte und Werke auf diesen Seiten unterliegen dem deutschen Urheberrecht. Die Vervielf\u00e4ltigung, Bearbeitung, Verbreitung und jede Art der Verwertung au\u00dferhalb der Grenzen des Urheberrechtes bed\u00fcrfen der schriftlichen Zustimmung des jeweiligen Autors bzw. Erstellers. Downloads und Kopien dieser Seite sind nur f\u00fcr den privaten, nicht kommerziellen Gebrauch gestattet.<\/p>\n<p>Soweit die Inhalte auf dieser Seite nicht vom Betreiber erstellt wurden, werden die Urheberrechte Dritter beachtet. Insbesondere werden Inhalte Dritter als solche gekennzeichnet. Sollten Sie trotzdem auf eine Urheberrechtsverletzung aufmerksam werden, bitten wir um einen entsprechenden Hinweis. Bei Bekanntwerden von Rechtsverletzungen werden wir derartige Inhalte umgehend entfernen.<\/p>\n<p>Alle Inhalte von gruene.nrw werden unter einer\u00a0<a href=\"http:\/\/creativecommons.org\/licenses\/by\/3.0\/de\/\">Creative-Commons-Lizenz ver\u00f6ffentlicht (Nennung des Urhebers)<\/a>\u00a0ver\u00f6ffentlicht. Sofern nicht anders angegeben, nutzt gruene.nrw\u00a0\u00a0entweder eigene Bilder und Fotos oder Fotos von\u00a0<a href=\"http:\/\/pixabay.com\/\">pixabay<\/a>, die unter einer CC0-Lizenz ver\u00f6ffentlicht werden.<\/p>\n<h2>Datenschutz<\/h2>\n<p>Wir wissen, dass Du dem Thema Datenschutz gro\u00dfe Bedeutung beimisst. Deshalb ist uns der Schutz Deiner pers\u00f6nlichen Daten ein wichtiges Anliegen.<br \/>\nLies mehr in unserer\u00a0<a href=\"https:\/\/gruene-nrw.de\/datenschutz\/\">Datenschutzerkl\u00e4rung<\/a>.<\/p>\n<\/section>\n","protected":false},"excerpt":{"rendered":"<p>Dieses Internetangebot wird unterhalten von B\u00dcNDNIS 90\/DIE GR\u00dcNEN Landesverband NRW Oststr. 41-43 40211 D\u00fcsseldorfFon +49 (211) 38 666 -0 Fax +49 (211) 38 666 -99 Mail info@gruene-nrw.de Vertretungsberechtigter Vorstand: Mona [&hellip;]<\/p>\n","protected":false},"author":30,"featured_media":0,"parent":0,"menu_order":0,"comment_status":"closed","ping_status":"closed","template":"","meta":{"footnotes":""},"class_list":["post-603","page","type-page","status-publish","hentry"],"_links":{"self":[{"href":"https:\/\/mensch-und-tier.gruene-nrw-lag.de\/index.php?rest_route=\/wp\/v2\/pages\/603","targetHints":{"allow":["GET"]}}],"collection":[{"href":"https:\/\/mensch-und-tier.gruene-nrw-lag.de\/index.php?rest_route=\/wp\/v2\/pages"}],"about":[{"href":"https:\/\/mensch-und-tier.gruene-nrw-lag.de\/index.php?rest_route=\/wp\/v2\/types\/page"}],"author":[{"embeddable":true,"href":"https:\/\/mensch-und-tier.gruene-nrw-lag.de\/index.php?rest_route=\/wp\/v2\/users\/30"}],"replies":[{"embeddable":true,"href":"https:\/\/mensch-und-tier.gruene-nrw-lag.de\/index.php?rest_route=%2Fwp%2Fv2%2Fcomments&post=603"}],"version-history":[{"count":3,"href":"https:\/\/mensch-und-tier.gruene-nrw-lag.de\/index.php?rest_route=\/wp\/v2\/pages\/603\/revisions"}],"predecessor-version":[{"id":789,"href":"https:\/\/mensch-und-tier.gruene-nrw-lag.de\/index.php?rest_route=\/wp\/v2\/pages\/603\/revisions\/789"}],"wp:attachment":[{"href":"https:\/\/mensch-und-tier.gruene-nrw-lag.de\/index.php?rest_route=%2Fwp%2Fv2%2Fmedia&parent=603"}],"curies":[{"name":"wp","href":"https:\/\/api.w.org\/{rel}","templated":true}]}}